{"id":67,"date":"2017-11-27T19:20:13","date_gmt":"2017-11-27T18:20:13","guid":{"rendered":"http:\/\/localhost:8080\/Wordpress\/Schorsologie\/?page_id=67"},"modified":"2024-07-23T18:08:31","modified_gmt":"2024-07-23T16:08:31","slug":"vita","status":"publish","type":"page","link":"https:\/\/www.joergbehr.de\/?page_id=67","title":{"rendered":"Vita"},"content":{"rendered":"<p style=\"text-align: left;\"><strong>J\u00f6rg Behr<\/strong>, geboren in Bremen, studierte w\u00e4hrend der Schulzeit als Jungstudent Violine an der Bremer Hochschule f\u00fcr K\u00fcnste. Nach dem Abitur absolvierte er den Studiengang Musiktheater-Regie in Hamburg (Leitung: G\u00f6tz Friedrich), den er 1997 mit Auszeichnung und der Inszenierung von Luciano Berios Fassung von Mozarts ZAIDE abschloss.<\/p>\n<p><strong>V<\/strong>on 1997 bis 2004 war er als Regieassistent und Spielleiter an der Staatsoper Stuttgart<br \/>\nunter Klaus Zehelein engagiert. Dort arbeitete er mit Regisseuren wie Jossi Wieler,<br \/>\nMartin Ku\u0161ej, Christof Nel, Peter Mussbach, Joachim Schl\u00f6mer und Hans<br \/>\nNeuenfels zusammen.<\/p>\n<p><strong>E<\/strong>r inszenierte ua. am Theater Freiburg <a href=\"https:\/\/www.joergbehr.de\/?page_id=441\">HYPERION<\/a> von Bruno Maderna und<br \/>\nARIANNA von Benedetto Marcello, <a href=\"https:\/\/www.joergbehr.de\/?page_id=456\">DIE ENTF\u00dcHRUNG AUS DEM<\/a><br \/>\nSERAIL am Theater Osnabr\u00fcck,<a href=\"https:\/\/www.joergbehr.de\/?page_id=429\"> COSI FAN TUTTE<\/a> mit dem Schweizer<br \/>\nOpernstudio in Bern, Biel und Solothurn. Au\u00dferdem am Staatstheater Oldenburg<br \/>\n<a href=\"https:\/\/www.joergbehr.de\/?page_id=424\">DIALOGUES DES CARM\u00c9LITES<\/a> von Poulenc, in Aachen PETER GRIMES<br \/>\nvon Britten, in Krefeld\/M\u00f6nchengladbach Strawinskys <a href=\"https:\/\/www.joergbehr.de\/?page_id=438\">GESCHICHTE VOM SOLDATEN<\/a><br \/>\nund in Z\u00fcrich die Schweizer Erstauff\u00fchrung der DREI WASSERSPIELE von<br \/>\nDetlev Glanert. An der Semperoper Dresden entstand die Urauff\u00fchrung von Georg Graewes Musiktheater QUICKSILVER, in Luzern und Bonn Graewes BARBARA STROZZI ODER DIE AVANTGARDE DER LIEBE.<\/p>\n<p><strong>A<\/strong>m Theater Augsburg folgte &#8211; nach Hindemiths <a href=\"https:\/\/www.joergbehr.de\/?page_id=459\">CARDILLAC<\/a> und der griechischen Trag\u00f6die <a href=\"https:\/\/www.joergbehr.de\/?page_id=461\">HELENA<\/a> von Euripides &#8211; <a href=\"https:\/\/www.joergbehr.de\/?page_id=722\">MEETING DIDO<\/a>, in dem Madernas SATYRICON und Purcells DIDO AND AENEAS ineinander verschr\u00e4nkt wurden. Mit H\u00e4ndel <a href=\"https:\/\/www.joergbehr.de\/?page_id=419\">SAUL<\/a> am Theater Bielefeld und den Freiburger Inszenierungen von Strauss\u2019 <a href=\"https:\/\/www.joergbehr.de\/?page_id=400\">ARIADNE AUF NAXOS<\/a> und dem Doppelabend <a href=\"https:\/\/www.joergbehr.de\/?page_id=212\">IL TABARRO \/ HERZOG BLAUBARTS BURG<\/a> (Puccini\/Bart\u00f3k) erweiterte er nochmals sein Repertoire, genauso wie mit <a href=\"https:\/\/www.joergbehr.de\/?page_id=432\">DIE CS\u00c1RD\u00c1SF\u00dcRSTIN<\/a> in Oslo. Danach hat er Haydn <a href=\"https:\/\/www.joergbehr.de\/?page_id=404\">IL MONDO DELLA LUNA<\/a> bei den Osterfestspielen Baden-Baden inszeniert (Kooperation Festspiele\/Berliner Philharmoniker\/Deutsche Bank Stiftung\/Theater Baden-Baden), dann <a href=\"https:\/\/www.joergbehr.de\/?page_id=256\">ANATEVKA<\/a> am Theater Baden-Baden sowie <a href=\"https:\/\/www.joergbehr.de\/?page_id=165\">GOLD<\/a> an der Jungen Oper der Staatsoper Stuttgart. Zuletzt folgten Anno Schreiers <a href=\"https:\/\/www.joergbehr.de\/?page_id=1313&amp;preview=true\">WUNDERLAND<\/a> am Theater Freiburg, Massenet <a href=\"https:\/\/www.joergbehr.de\/?page_id=1419\">LE PORTRAIT DE MANON<\/a> an der HMT Leipzig, der <a href=\"https:\/\/www.joergbehr.de\/?page_id=1514\">DER VETTER AUS DINGSDA<\/a> am Landestheater Coburg sowie<a href=\"https:\/\/www.joergbehr.de\/?page_id=1716\"> EIN MASKENBALL<\/a> am Theater Altenburg-Gera.<\/p>\n<p><strong>S<\/strong>eit 2023 ist er fest an der Jungen Oper der Deutschen Oper am Rhein (Leitung: Michaela Dicu) engagiert. Dort inszeniert er demn\u00e4chst <a href=\"https:\/\/www.joergbehr.de\/?p=2457\">Sebastian Schwab HOLLE!<\/a>.<\/p>\n<p><strong>J<\/strong>\u00f6rg Behr war Stipendiat der Akademie Musiktheater heute der Deutschen Bank Stiftung, des Forum Neues Musiktheater Stuttgart und der Akademie Schloss Solitude. F\u00fcr seine Inszenierung <a href=\"https:\/\/www.joergbehr.de\/?page_id=441\">HYPERION<\/a> von Bruno Maderna wurde er mit dem <a href=\"http:\/\/www.goetz-friedrich-preis.de\/Die_Preistraeger\/behr.html\">G\u00f6tz-Friedrich-Preis<\/a> ausgezeichnet.<\/p>\n<p><strong>V<\/strong>on 2009-2012 hat J\u00f6rg Behr zudem die Leitung der Opernschule und den Szenischen<br \/>\nUnterricht am Leopold-Mozart-Zentrum der Universit\u00e4t Augsburg \u00fcbernommen. Danach<br \/>\nunterrichtete er Szene an der HfM Saar in Saarbr\u00fccken, seit 2015 an der <a href=\"http:\/\/www.hfmdk-frankfurt.info\/hochschule\/fachbereiche\/fb-3-darstellende-kunst\/gesang-bachelor\/gesang-aktuell\/\">Hochschule f\u00fcr Musik und Darstellende Kunst Frankfurt<\/a>. Zudem absolvierte er erfolgreich die <a href=\"https:\/\/www.theatermanagement.theaterwissenschaft.uni-muenchen.de\/programm\/index.html\">Weiterbildung Theater- und Musikmanagement<\/a>, eine Kooperation der LMU M\u00fcnchen mit dem Deutschen B\u00fchnenverein. Nach einer berufsbegleitenden Weiterbildung an der Steinbeis-Hochschule Stuttgart ist er zudem nach dem Bundesmediationsgesetz zertifizierter Mediator (Wirtschaft).<\/p>\n<figure id=\"attachment_2432\" aria-describedby=\"caption-attachment-2432\" style=\"width: 756px\" class=\"wp-caption aligncenter\"><a href=\"https:\/\/i0.wp.com\/www.joergbehr.de\/wp-content\/uploads\/2023\/05\/Joerg_Behr-scaled.jpg?ssl=1\"><img data-recalc-dims=\"1\" loading=\"lazy\" decoding=\"async\" data-attachment-id=\"2432\" data-permalink=\"https:\/\/www.joergbehr.de\/?attachment_id=2432\" data-orig-file=\"https:\/\/i0.wp.com\/www.joergbehr.de\/wp-content\/uploads\/2023\/05\/Joerg_Behr-scaled.jpg?fit=2560%2C1709&amp;ssl=1\" data-orig-size=\"2560,1709\" data-comments-opened=\"1\" data-image-meta=\"{&quot;aperture&quot;:&quot;0&quot;,&quot;credit&quot;:&quot;&quot;,&quot;camera&quot;:&quot;&quot;,&quot;caption&quot;:&quot;&quot;,&quot;created_timestamp&quot;:&quot;0&quot;,&quot;copyright&quot;:&quot;Joerg Behr&quot;,&quot;focal_length&quot;:&quot;0&quot;,&quot;iso&quot;:&quot;0&quot;,&quot;shutter_speed&quot;:&quot;0&quot;,&quot;title&quot;:&quot;&quot;,&quot;orientation&quot;:&quot;0&quot;}\" data-image-title=\"Joerg_Behr\" data-image-description=\"\" data-image-caption=\"&lt;p&gt;\u00a9 Joerg Behr&lt;\/p&gt;\n\" data-large-file=\"https:\/\/i0.wp.com\/www.joergbehr.de\/wp-content\/uploads\/2023\/05\/Joerg_Behr-scaled.jpg?fit=756%2C504&amp;ssl=1\" class=\"size-large wp-image-2432\" src=\"https:\/\/i0.wp.com\/www.joergbehr.de\/wp-content\/uploads\/2023\/05\/Joerg_Behr.jpg?resize=756%2C504&#038;ssl=1\" alt=\"\" width=\"756\" height=\"504\" srcset=\"https:\/\/i0.wp.com\/www.joergbehr.de\/wp-content\/uploads\/2023\/05\/Joerg_Behr-scaled.jpg?resize=1024%2C683&amp;ssl=1 1024w, https:\/\/i0.wp.com\/www.joergbehr.de\/wp-content\/uploads\/2023\/05\/Joerg_Behr-scaled.jpg?resize=300%2C200&amp;ssl=1 300w, https:\/\/i0.wp.com\/www.joergbehr.de\/wp-content\/uploads\/2023\/05\/Joerg_Behr-scaled.jpg?resize=768%2C513&amp;ssl=1 768w, https:\/\/i0.wp.com\/www.joergbehr.de\/wp-content\/uploads\/2023\/05\/Joerg_Behr-scaled.jpg?resize=1536%2C1025&amp;ssl=1 1536w, https:\/\/i0.wp.com\/www.joergbehr.de\/wp-content\/uploads\/2023\/05\/Joerg_Behr-scaled.jpg?resize=2048%2C1367&amp;ssl=1 2048w, https:\/\/i0.wp.com\/www.joergbehr.de\/wp-content\/uploads\/2023\/05\/Joerg_Behr-scaled.jpg?w=2268&amp;ssl=1 2268w\" sizes=\"auto, (max-width: 756px) 100vw, 756px\" \/><\/a><figcaption id=\"caption-attachment-2432\" class=\"wp-caption-text\">Joerg Behr, Regie<\/figcaption><\/figure>\n<p><a href=\"https:\/\/wp.me\/P9tc3I-1l\">Kontakt<\/a><\/p>\n","protected":false},"excerpt":{"rendered":"<p>J\u00f6rg Behr, geboren in Bremen, studierte w\u00e4hrend der Schulzeit als Jungstudent Violine an der Bremer Hochschule f\u00fcr K\u00fcnste. Nach dem Abitur absolvierte er den Studiengang Musiktheater-Regie in Hamburg (Leitung: G\u00f6tz Friedrich), den er 1997 mit Auszeichnung und der Inszenierung von Luciano Berios Fassung von Mozarts &hellip; <a href=\"https:\/\/www.joergbehr.de\/?page_id=67\" class=\"more-link\"><span>Continue reading<span class=\"screen-reader-text\">Vita<\/span><\/span><\/a><\/p>\n","protected":false},"author":1,"featured_media":35,"parent":0,"menu_order":0,"comment_status":"closed","ping_status":"closed","template":"","meta":{"jetpack_post_was_ever_published":false,"footnotes":""},"class_list":["post-67","page","type-page","status-publish","has-post-thumbnail","hentry"],"jetpack_sharing_enabled":true,"jetpack_shortlink":"https:\/\/wp.me\/P9tc3I-15","jetpack_likes_enabled":true,"jetpack-related-posts":[{"id":400,"url":"https:\/\/www.joergbehr.de\/?page_id=400","url_meta":{"origin":67,"position":0},"title":"Richard Strauss: ARIADNE AUF NAXOS &#8211; Theater Freiburg","author":"Schorse","date":"3. Dezember 2017","format":false,"excerpt":"\u00a9 Fotos: Maurice Korbel https:\/\/www.joergbehr.de\/?page_id=633 \ufeff Pressestimmen: BADISCHE ZEITUNG, 26. November 2012 \u201eMan tut gut daran, J\u00f6rg Behrs Freiburger Neuinszenierung der Oper \u201ein einem Aufzuge nebst einem Vorspiel\u201c nicht mit vorschnellen Interpretationen zu begegnen. \u00c4hnlich wie in dem St\u00fcck geht es nicht nur um den Widerstreit zwischen hoher und nied\u2019rer\u2026","rel":"","context":"\u00c4hnlicher Beitrag","block_context":{"text":"\u00c4hnlicher Beitrag","link":""},"img":{"alt_text":"","src":"","width":0,"height":0},"classes":[]},{"id":438,"url":"https:\/\/www.joergbehr.de\/?page_id=438","url_meta":{"origin":67,"position":1},"title":"Igor Strawinsky: DIE GESCHICHTE VOM SOLDATEN &#8211; Theater Krefeld\/M\u00f6nchengladbach","author":"Schorse","date":"3. Dezember 2017","format":false,"excerpt":"\u00a9 Fotos: Matthias Stutte https:\/\/www.joergbehr.de\/?page_id=707 RHEINISCHE POST, D\u00fcsseldorf, am 29. M\u00e4rz 2005 \u201eIn der Inszenierung von Strawinskys \u201eGeschichte vom Soldaten\u201c, die J\u00f6rg Behr (\u2026) erarbeitet hat, gewinnt dieser Lebensgang eines Soldaten beklemmend an Deutlichkeit. Er hat seine Geige \u2013 also seine Seele \u2013 an den Teufel verh\u00f6kert und muss am\u2026","rel":"","context":"\u00c4hnlicher Beitrag","block_context":{"text":"\u00c4hnlicher Beitrag","link":""},"img":{"alt_text":"","src":"","width":0,"height":0},"classes":[]},{"id":419,"url":"https:\/\/www.joergbehr.de\/?page_id=419","url_meta":{"origin":67,"position":2},"title":"Georg Friedrich H\u00e4ndel: SAUL &#8211; Theater Bielefeld","author":"Schorse","date":"3. Dezember 2017","format":false,"excerpt":"\u00a9 Fotos: Kai-Uwe Schulte-Bunert https:\/\/www.joergbehr.de\/?page_id=542 Pressestimmen: NEUE WESTF\u00c4LISCHE ZEITUNG am 9. Oktober 2012 \u201e(...) Regisseur J\u00f6rg Behr hat Georg Friedrich H\u00e4ndels Oratorium \u201eSaul\u201c und seine biblische Geschichte in die Gegenwart geholt. \u00dcberzeugend lotet er die Figuren, ihre privaten Konflikte und Entwicklungen aus, zeigt aber auch die politische Dimension des Werks\u2026","rel":"","context":"\u00c4hnlicher Beitrag","block_context":{"text":"\u00c4hnlicher Beitrag","link":""},"img":{"alt_text":"","src":"","width":0,"height":0},"classes":[]},{"id":722,"url":"https:\/\/www.joergbehr.de\/?page_id=722","url_meta":{"origin":67,"position":3},"title":"Bruno Maderna\/Henry Purcell: MEETING DIDO am Theater Augsburg","author":"Schorse","date":"13. Dezember 2017","format":false,"excerpt":"\u00a9 Fotos: Nik Sch\u00f6lzel https:\/\/www.joergbehr.de\/?page_id=757 Pressestimmen: BAYERISCHER RUNDFUNK, BR 4 Klassik am 24. April 2012 \u201eEs ist ein Br\u00fcckenschlag zwischen den Epochen: rund 300 Jahre liegen zwischen Henry Purcells Oper \u201cDido und Aeneas\u201d und \u201cSatyricon\u201d von Bruno Maderna aus dem Jahr 1972. \u00a0(\u2026) Es ist nichts mehr wie sonst im\u2026","rel":"","context":"\u00c4hnlicher Beitrag","block_context":{"text":"\u00c4hnlicher Beitrag","link":""},"img":{"alt_text":"","src":"","width":0,"height":0},"classes":[]},{"id":1514,"url":"https:\/\/www.joergbehr.de\/?page_id=1514","url_meta":{"origin":67,"position":4},"title":"DER VETTER AUS DINGSDA &#8211; Landestheater Coburg","author":"Schorse","date":"24. Mai 2019","format":false,"excerpt":"\u00a9 Fotos Sebastian Buff und J\u00f6rg Behr https:\/\/www.joergbehr.de\/?page_id=1519 Teaser des Landestheaters Coburg https:\/\/vimeo.com\/334122871 Pressestimmen Bayerischer Rundfunk am 6. Mai 2019 (BR24, BR Klassik) \u201e(\u2026) 1921 schrieb Eduard K\u00fcnneke eine Operette \u00fcber unerf\u00fcllte Sehns\u00fcchte und die Liebe nach dem Unerreichbaren. Am Landestheater Coburg macht J\u00f6rg Behr daraus ein umjubeltes Kammerspiel mit\u2026","rel":"","context":"\u00c4hnlicher Beitrag","block_context":{"text":"\u00c4hnlicher Beitrag","link":""},"img":{"alt_text":"","src":"https:\/\/i0.wp.com\/www.joergbehr.de\/wp-content\/uploads\/2019\/05\/1417_ltc_2019_vetter_aus_dingsda.jpg?fit=1200%2C800&ssl=1&resize=350%2C200","width":350,"height":200,"srcset":"https:\/\/i0.wp.com\/www.joergbehr.de\/wp-content\/uploads\/2019\/05\/1417_ltc_2019_vetter_aus_dingsda.jpg?fit=1200%2C800&ssl=1&resize=350%2C200 1x, https:\/\/i0.wp.com\/www.joergbehr.de\/wp-content\/uploads\/2019\/05\/1417_ltc_2019_vetter_aus_dingsda.jpg?fit=1200%2C800&ssl=1&resize=525%2C300 1.5x, https:\/\/i0.wp.com\/www.joergbehr.de\/wp-content\/uploads\/2019\/05\/1417_ltc_2019_vetter_aus_dingsda.jpg?fit=1200%2C800&ssl=1&resize=700%2C400 2x, https:\/\/i0.wp.com\/www.joergbehr.de\/wp-content\/uploads\/2019\/05\/1417_ltc_2019_vetter_aus_dingsda.jpg?fit=1200%2C800&ssl=1&resize=1050%2C600 3x"},"classes":[]},{"id":441,"url":"https:\/\/www.joergbehr.de\/?page_id=441","url_meta":{"origin":67,"position":5},"title":"Bruno Maderna: HYPERION &#8211; Theater Freiburg","author":"Schorse","date":"3. Dezember 2017","format":false,"excerpt":"\u00a9 Fotos: Beatrix von Pilgrim https:\/\/www.joergbehr.de\/?page_id=779 AUSGEZEICHNET MIT DEM G\u00d6TZ FRIEDRICH PREIS 2002 Pressestimmen: OPERNWELT Februar 2001 \u201eNoch nie wohl hat ein Regisseur H\u00f6lderlins Hyperion in einen so konkreten Kontext gebracht wie J\u00f6rg Behr in Freiburg. Mit Erfolg, dies sei vorweggenommen. Denn die Breisgauer Umsetzung von Madernas \u00abLirica in forma\u2026","rel":"","context":"\u00c4hnlicher Beitrag","block_context":{"text":"\u00c4hnlicher Beitrag","link":""},"img":{"alt_text":"","src":"","width":0,"height":0},"classes":[]}],"_links":{"self":[{"href":"https:\/\/www.joergbehr.de\/index.php?rest_route=\/wp\/v2\/pages\/67","targetHints":{"allow":["GET"]}}],"collection":[{"href":"https:\/\/www.joergbehr.de\/index.php?rest_route=\/wp\/v2\/pages"}],"about":[{"href":"https:\/\/www.joergbehr.de\/index.php?rest_route=\/wp\/v2\/types\/page"}],"author":[{"embeddable":true,"href":"https:\/\/www.joergbehr.de\/index.php?rest_route=\/wp\/v2\/users\/1"}],"replies":[{"embeddable":true,"href":"https:\/\/www.joergbehr.de\/index.php?rest_route=%2Fwp%2Fv2%2Fcomments&post=67"}],"version-history":[{"count":53,"href":"https:\/\/www.joergbehr.de\/index.php?rest_route=\/wp\/v2\/pages\/67\/revisions"}],"predecessor-version":[{"id":2480,"href":"https:\/\/www.joergbehr.de\/index.php?rest_route=\/wp\/v2\/pages\/67\/revisions\/2480"}],"wp:featuredmedia":[{"embeddable":true,"href":"https:\/\/www.joergbehr.de\/index.php?rest_route=\/wp\/v2\/media\/35"}],"wp:attachment":[{"href":"https:\/\/www.joergbehr.de\/index.php?rest_route=%2Fwp%2Fv2%2Fmedia&parent=67"}],"curies":[{"name":"wp","href":"https:\/\/api.w.org\/{rel}","templated":true}]}}