{"id":810,"date":"2017-12-14T15:48:53","date_gmt":"2017-12-14T14:48:53","guid":{"rendered":"http:\/\/localhost:8080\/Wordpress\/Schorsologie\/?page_id=810"},"modified":"2022-02-16T15:43:44","modified_gmt":"2022-02-16T14:43:44","slug":"weitere-regiearbeiten-2","status":"publish","type":"page","link":"https:\/\/www.joergbehr.de\/?page_id=810","title":{"rendered":"Weitere Regiearbeiten"},"content":{"rendered":"<p><a href=\"https:\/\/www.joergbehr.de\/?page_id=1419\">Massenet: <strong>LE PORTRAIT DE MANON<\/strong> &#8211; HMT Leipzig<\/a><\/p>\n<p><a href=\"https:\/\/www.joergbehr.de\/?page_id=1313\">Anno Schreier:<strong> WUNDERLAND <\/strong>&#8211; Theater Freiburg<\/a><\/p>\n<p>J. Bock: <strong><a href=\"https:\/\/www.joergbehr.de\/?page_id=256\">ANATEVKA <\/a><\/strong><a href=\"https:\/\/www.joergbehr.de\/?page_id=256\">&#8211; Theater Baden-Baden<\/a><\/p>\n<p><a href=\"https:\/\/www.joergbehr.de\/?page_id=404\">J. Haydn: <strong>IL MONDO DELLA LUNA<\/strong> &#8211; Osterfestspiele Baden-Baden<\/a><\/p>\n<p><a href=\"https:\/\/www.joergbehr.de\/?page_id=165\">L. Evers:<strong> GOLD <\/strong>&#8211; Staatsoper Stuttgart<\/a><\/p>\n<p><a href=\"https:\/\/wp.me\/P9tc3I-hx\">Nach Mozart: <strong>SELBSTHILFEGRUPPE GIOVANNI<\/strong> &#8211; HfMDK Frankfurt<\/a><\/p>\n<p><a href=\"?page_id=432\">E. K\u00e1lm\u00e1n: <\/a><a href=\"?page_id=432\"><strong>DIE CS\u00c1RD\u00c1SF\u00dcRSTIN<\/strong> &#8211; Opera Academy Oslo<\/a><\/p>\n<p><a href=\"?page_id=400\">R. Strauss:<\/a> <a href=\"?page_id=400\"><strong>ARIADNE AUF NAXOS<\/strong> &#8211; Theater Freiburg<\/a><\/p>\n<p><a href=\"?page_id=419\">G. F. H\u00e4ndel: <\/a><a href=\"?page_id=419\"><strong>SAUL<\/strong> &#8211; Theater Bielefeld<\/a><\/p>\n<p><a href=\"?page_id=424\">F. Poulenc: <strong>DIALOGUES DES CARM\u00c9LITES<\/strong> &#8211; Oldenburgisches Staatstheater<\/a><\/p>\n<p><a href=\"?page_id=722\">Maderna\/Purcell: <strong>MEETING DIDO <\/strong>&#8211; Theater Augsburg<\/a><\/p>\n<p><a href=\"?page_id=456\">W. A. Mozart: <strong>DIE ENTF\u00dcHRUNG AUS DEM SERAIL<\/strong> &#8211; Theater Osnabr\u00fcck<\/a><\/p>\n<p><a href=\"?page_id=429\">W. A. Mozart: <strong>COS\u00cc FAN TUTTE<\/strong> &#8211; Biennale Bern \/Theater Biel-Solothurn<\/a><\/p>\n<p><a href=\"?page_id=459\">P. Hindemith: <strong>CARDILLAC<\/strong> &#8211; Theater Augsburg<\/a><\/p>\n<p><a href=\"?page_id=461\">Euripides: <strong>HELENA<\/strong> &#8211; Theater Augsburg<\/a><\/p>\n<p><a href=\"?page_id=438\">I. Strawinsky: <strong>DIE GESCHICHTE VOM SOLDATEN<\/strong> &#8211; Theater Krefeld-M\u00f6nchengladbach <\/a><\/p>\n<p><a href=\"?page_id=441\">B. Maderna: <strong>HYPERION<\/strong> &#8211; Theater Freiburg<\/a><\/p>\n<p><a href=\"https:\/\/www.joergbehr.de\/?page_id=212\"><span style=\"color: #000000;\">G. Puccini \/ B. Bart\u00f3k<\/span>:<strong> MANTEL \/ BLAUBART <\/strong>&#8211; Theater Freiburg<\/a><\/p>\n<p><a href=\"https:\/\/www.joergbehr.de\/?page_id=1313\"><span style=\"color: #000000;\">Anno Schreier:<\/span><strong> WUNDERLAND <\/strong>&#8211; Theater Freiburg<\/a><\/p>\n<p>J. Bock: <strong><a href=\"https:\/\/www.joergbehr.de\/?page_id=256\">ANATEVKA <\/a><\/strong><a href=\"https:\/\/www.joergbehr.de\/?page_id=256\">&#8211; Theater Baden-Baden<\/a><\/p>\n<p><a href=\"https:\/\/www.joergbehr.de\/?page_id=404\"><span style=\"color: #000000;\">J. Haydn: <strong>IL MONDO DELLA LUNA<\/strong> &#8211; Osterfestspiele Baden-Baden<\/span><\/a><\/p>\n<p><a href=\"https:\/\/www.joergbehr.de\/?page_id=165\"><span style=\"color: #000000;\">L. Evers:<\/span><strong> GOLD <\/strong>&#8211; Staatsoper Stuttgart<\/a><\/p>\n<p><a href=\"https:\/\/wp.me\/P9tc3I-hx\"><span style=\"color: #000000;\">Nach Mozart: <strong>SELBSTHILFEGRUPPE GIOVANNI<\/strong> &#8211; HfMDK Frankfurt<\/span><\/a><\/p>\n<p><a href=\"?page_id=432\"><span style=\"color: #000000;\">E. K\u00e1lm\u00e1n: <\/span><\/a><a href=\"?page_id=432\"><strong>DIE CS\u00c1RD\u00c1SF\u00dcRSTIN<\/strong> &#8211; Opera Academy Oslo<\/a><\/p>\n<p><a href=\"?page_id=400\">R. Strauss:<\/a> <a href=\"?page_id=400\"><strong>ARIADNE AUF NAXOS<\/strong> &#8211; Theater Freiburg<\/a><\/p>\n<p><a href=\"?page_id=419\">G. F. H\u00e4ndel: <\/a><a href=\"?page_id=419\"><strong>SAUL<\/strong> &#8211; Theater Bielefeld<\/a><\/p>\n<p><a href=\"?page_id=424\">F. Poulenc: <strong>DIALOGUES DES CARM\u00c9LITES<\/strong> &#8211; Oldenburgisches Staatstheater<\/a><\/p>\n<p><a href=\"?page_id=722\">Maderna\/Purcell: <strong>MEETING DIDO <\/strong>&#8211; Theater Augsburg<\/a><\/p>\n<p><a href=\"?page_id=456\">W. A. Mozart: <strong>DIE ENTF\u00dcHRUNG AUS DEM SERAIL<\/strong> &#8211; Theater Osnabr\u00fcck<\/a><\/p>\n<p><a href=\"?page_id=429\">W. A. Mozart: <strong>COS\u00cc FAN TUTTE<\/strong> &#8211; Biennale Bern \/Theater Biel-Solothurn<\/a><\/p>\n<p><a href=\"?page_id=459\">P. Hindemith: <strong>CARDILLAC<\/strong> &#8211; Theater Augsburg<\/a><\/p>\n<p><a href=\"?page_id=461\">Euripides: <strong>HELENA<\/strong> &#8211; Theater Augsburg<\/a><\/p>\n<p><a href=\"?page_id=438\">I. Strawinsky: <strong>DIE GESCHICHTE VOM SOLDATEN<\/strong> &#8211; Theater Krefeld-M\u00f6nchengladbach <\/a><\/p>\n<p><a href=\"?page_id=441\">B. Maderna: <strong>HYPERION<\/strong> &#8211; Theater Freiburg<\/a><\/p>\n","protected":false},"excerpt":{"rendered":"<p>Massenet: LE PORTRAIT DE MANON &#8211; HMT Leipzig Anno Schreier: WUNDERLAND &#8211; Theater Freiburg J. Bock: ANATEVKA &#8211; Theater Baden-Baden J. Haydn: IL MONDO DELLA LUNA &#8211; Osterfestspiele Baden-Baden L. Evers: GOLD &#8211; Staatsoper Stuttgart Nach Mozart: SELBSTHILFEGRUPPE GIOVANNI &#8211; HfMDK Frankfurt E. K\u00e1lm\u00e1n: DIE &hellip; <a href=\"https:\/\/www.joergbehr.de\/?page_id=810\" class=\"more-link\"><span>Continue reading<span class=\"screen-reader-text\">Weitere Regiearbeiten<\/span><\/span><\/a><\/p>\n","protected":false},"author":1,"featured_media":0,"parent":2,"menu_order":0,"comment_status":"closed","ping_status":"closed","template":"","meta":{"jetpack_post_was_ever_published":false,"footnotes":""},"class_list":["post-810","page","type-page","status-publish","hentry"],"jetpack_sharing_enabled":true,"jetpack_shortlink":"https:\/\/wp.me\/P9tc3I-d4","jetpack_likes_enabled":true,"jetpack-related-posts":[{"id":67,"url":"https:\/\/www.joergbehr.de\/?page_id=67","url_meta":{"origin":810,"position":0},"title":"Vita","author":"Schorse","date":"27. November 2017","format":false,"excerpt":"J\u00f6rg Behr, geboren in Bremen, studierte w\u00e4hrend der Schulzeit als Jungstudent Violine an der Bremer Hochschule f\u00fcr K\u00fcnste. Nach dem Abitur absolvierte er den Studiengang Musiktheater-Regie in Hamburg (Leitung: G\u00f6tz Friedrich), den er 1997 mit Auszeichnung und der Inszenierung von Luciano Berios Fassung von Mozarts ZAIDE abschloss. Von 1997 bis\u2026","rel":"","context":"\u00c4hnlicher Beitrag","block_context":{"text":"\u00c4hnlicher Beitrag","link":""},"img":{"alt_text":"","src":"https:\/\/i0.wp.com\/www.joergbehr.de\/wp-content\/uploads\/2017\/11\/JoergBehr.jpg?fit=1200%2C797&ssl=1&resize=350%2C200","width":350,"height":200,"srcset":"https:\/\/i0.wp.com\/www.joergbehr.de\/wp-content\/uploads\/2017\/11\/JoergBehr.jpg?fit=1200%2C797&ssl=1&resize=350%2C200 1x, https:\/\/i0.wp.com\/www.joergbehr.de\/wp-content\/uploads\/2017\/11\/JoergBehr.jpg?fit=1200%2C797&ssl=1&resize=525%2C300 1.5x, https:\/\/i0.wp.com\/www.joergbehr.de\/wp-content\/uploads\/2017\/11\/JoergBehr.jpg?fit=1200%2C797&ssl=1&resize=700%2C400 2x, https:\/\/i0.wp.com\/www.joergbehr.de\/wp-content\/uploads\/2017\/11\/JoergBehr.jpg?fit=1200%2C797&ssl=1&resize=1050%2C600 3x"},"classes":[]},{"id":500,"url":"https:\/\/www.joergbehr.de\/?page_id=500","url_meta":{"origin":810,"position":1},"title":"Besetzung Anatevka","author":"Schorse","date":"6. Dezember 2017","format":false,"excerpt":"Musikalische Leitung: Hans-Georg Wilhelm, Inszenierung: J\u00f6rg Behr, Choreographie: Moira Fetterman, B\u00fchne und Kost\u00fcme: Marc Weeger, Dramaturgie: Lona Lejeune. Mit: Sonja Dengler, Rainer Haring, Oliver Jacobs, Nadine Kettler, David Liske, Rosalinde Renn, Stefan Roschy, Dimetrio-Giovanni Rupp, Patrick Schadenberg, Maria Thomas, Constanze Weinig, Berth Wesselmann, Hans-Georg Wilhelm, Patrick Wudtke und den Musikern:\u2026","rel":"","context":"\u00c4hnlicher Beitrag","block_context":{"text":"\u00c4hnlicher Beitrag","link":""},"img":{"alt_text":"","src":"","width":0,"height":0},"classes":[]},{"id":608,"url":"https:\/\/www.joergbehr.de\/?page_id=608","url_meta":{"origin":810,"position":2},"title":"Besetzung IL MONDO DELLA LUNA","author":"Schorse","date":"8. Dezember 2017","format":false,"excerpt":"Musikalische Leitung: Stanley Dodds, Inszenierung: J\u00f6rg Behr, B\u00fchne und Kost\u00fcme: Marc Weeger, Dramaturgie: Sylvia Roth Bonafede: Patrick Zielke, Simon Stricker, Die Frau (Sprechrolle): Birgit B\u00fccker, Clarice: Victoria Kunze, Ecclitico: Moritz Kallenberg, Lisetta: Joyce de Souza, Cecco: Nikolaus Pfannkuch. Orchesterakademie der Berliner Philharmoniker Koproduktion der Festspiele Baden-Baden \u00b7 Theater Baden-Baden \u00b7\u2026","rel":"","context":"\u00c4hnlicher Beitrag","block_context":{"text":"\u00c4hnlicher Beitrag","link":""},"img":{"alt_text":"","src":"","width":0,"height":0},"classes":[]},{"id":256,"url":"https:\/\/www.joergbehr.de\/?page_id=256","url_meta":{"origin":810,"position":3},"title":"Jerry Bock: ANATEVKA &#8211; Theater Baden-Baden","author":"Schorse","date":"16. Dezember 2017","format":false,"excerpt":"\u00a9 Fotos: Jochen Klenk https:\/\/www.joergbehr.de\/?page_id=500 Pressestimmen: BADISCHES TAGBLATT am 24. Oktober 2016 \u201eJ\u00f6rg Behrs Musicalinszenierung \u201eAnatevka\u201c am Theater Baden-Baden anr\u00fchrend und mitrei\u00dfend (...) J\u00f6rg Behr begreift den Stoff \u00fcber Verfolgung, Vertreibung, das Leiden an Traditions- und Identit\u00e4tsverlust, als anspielungsreichen R\u00fcckblick aus dem Wissen des Holocausts heraus - den die kleine\u2026","rel":"","context":"\u00c4hnlicher Beitrag","block_context":{"text":"\u00c4hnlicher Beitrag","link":""},"img":{"alt_text":"","src":"https:\/\/i0.wp.com\/www.joergbehr.de\/wp-content\/uploads\/2017\/11\/anatevka_gp_076_-1.jpg?fit=1200%2C800&ssl=1&resize=350%2C200","width":350,"height":200,"srcset":"https:\/\/i0.wp.com\/www.joergbehr.de\/wp-content\/uploads\/2017\/11\/anatevka_gp_076_-1.jpg?fit=1200%2C800&ssl=1&resize=350%2C200 1x, https:\/\/i0.wp.com\/www.joergbehr.de\/wp-content\/uploads\/2017\/11\/anatevka_gp_076_-1.jpg?fit=1200%2C800&ssl=1&resize=525%2C300 1.5x, https:\/\/i0.wp.com\/www.joergbehr.de\/wp-content\/uploads\/2017\/11\/anatevka_gp_076_-1.jpg?fit=1200%2C800&ssl=1&resize=700%2C400 2x, https:\/\/i0.wp.com\/www.joergbehr.de\/wp-content\/uploads\/2017\/11\/anatevka_gp_076_-1.jpg?fit=1200%2C800&ssl=1&resize=1050%2C600 3x"},"classes":[]},{"id":404,"url":"https:\/\/www.joergbehr.de\/?page_id=404","url_meta":{"origin":810,"position":4},"title":"Joseph Haydn: IL MONDO DELLA LUNA &#8211; Osterfestspiele Baden-Baden","author":"Schorse","date":"3. Dezember 2017","format":false,"excerpt":"\u00a9 Fotos: Jochen Klenk https:\/\/www.joergbehr.de\/?page_id=608 Pressestimmen: BADISCHES TAGBLATT, Dienstag 22. M\u00e4rz 2016 \u201e(\u2026) Das Kontrastprogramm zur \u201egro\u00dfen\u201c Wagner-Oper im Festspielhaus hat im Theater Baden-Baden eine B\u00fchne von exakt passender Gr\u00f6\u00dfe gefunden. Schlie\u00dflich wird die \u201eWelt auf dem Mond\u201c ja nur schnell zusammen improvisiert damit die zwei jungen Paare dem alten\u2026","rel":"","context":"\u00c4hnlicher Beitrag","block_context":{"text":"\u00c4hnlicher Beitrag","link":""},"img":{"alt_text":"","src":"","width":0,"height":0},"classes":[]},{"id":633,"url":"https:\/\/www.joergbehr.de\/?page_id=633","url_meta":{"origin":810,"position":5},"title":"Besetzung ARIADNE AUF NAXOS","author":"Schorse","date":"10. Dezember 2017","format":false,"excerpt":"Musikalische Leitung: Gerhard Markson, Regie: J\u00f6rg Behr, B\u00fchne: Tilo Steffens, Kost\u00fcme: Marc Weeger, Licht: Markus B\u00f6nzli, Dramaturgie: Heiko Voss. Der Komponist: Sally Wilson, Primadonna\/Ariadne: Cornelia Ptassek, Der Tenor\/Bacchus: Roberto Gionfriddo, Zerbinetta: Lini Gong, Ein Musiklehrer: Ks. Neal Schwantes, Brighella & Tanzmeister: Christoph Waltle, Harlekin: Alejandro L\u00e1rraga Schleske, Scaramuccio: Fausto Reinhart,\u2026","rel":"","context":"\u00c4hnlicher Beitrag","block_context":{"text":"\u00c4hnlicher Beitrag","link":""},"img":{"alt_text":"","src":"","width":0,"height":0},"classes":[]}],"_links":{"self":[{"href":"https:\/\/www.joergbehr.de\/index.php?rest_route=\/wp\/v2\/pages\/810","targetHints":{"allow":["GET"]}}],"collection":[{"href":"https:\/\/www.joergbehr.de\/index.php?rest_route=\/wp\/v2\/pages"}],"about":[{"href":"https:\/\/www.joergbehr.de\/index.php?rest_route=\/wp\/v2\/types\/page"}],"author":[{"embeddable":true,"href":"https:\/\/www.joergbehr.de\/index.php?rest_route=\/wp\/v2\/users\/1"}],"replies":[{"embeddable":true,"href":"https:\/\/www.joergbehr.de\/index.php?rest_route=%2Fwp%2Fv2%2Fcomments&post=810"}],"version-history":[{"count":40,"href":"https:\/\/www.joergbehr.de\/index.php?rest_route=\/wp\/v2\/pages\/810\/revisions"}],"predecessor-version":[{"id":2189,"href":"https:\/\/www.joergbehr.de\/index.php?rest_route=\/wp\/v2\/pages\/810\/revisions\/2189"}],"up":[{"embeddable":true,"href":"https:\/\/www.joergbehr.de\/index.php?rest_route=\/wp\/v2\/pages\/2"}],"wp:attachment":[{"href":"https:\/\/www.joergbehr.de\/index.php?rest_route=%2Fwp%2Fv2%2Fmedia&parent=810"}],"curies":[{"name":"wp","href":"https:\/\/api.w.org\/{rel}","templated":true}]}}